{"id":3094,"date":"2018-04-23T07:00:02","date_gmt":"2018-04-23T05:00:02","guid":{"rendered":"http:\/\/solarresearch.org\/wp\/?page_id=3094"},"modified":"2018-04-23T07:20:32","modified_gmt":"2018-04-23T05:20:32","slug":"faq12-antwort","status":"publish","type":"page","link":"https:\/\/solarresearch.org\/wp\/faq12-antwort\/","title":{"rendered":"FAQ#12-Antwort"},"content":{"rendered":"<ul>\n<li style=\"text-align: justify;\"><span style=\"background-color: #ffff99;\"><span style=\"color: #ff0000; font-size: 14pt; background-color: #ffff99;\"><strong>#12<\/strong><\/span> Sie sagen, Herr Gr\u00e4tz \u00abvertusche die vors\u00e4tzliche Desinformation des WDR\u00bb. Bitte belegen.<br \/>\n<\/span><\/li>\n<\/ul>\n<hr \/>\n<p>Fortsetzung von <a href=\"https:\/\/solarresearch.org\/wp\/faq11-antwort\/\" target=\"_blank\" rel=\"noopener\">Antwort <span style=\"color: #ff0000; font-size: 14pt;\"><strong>#11<\/strong><\/span><\/a>:<\/p>\n<p style=\"text-align: justify;\">Hier das Schreiben des WDR Rundfunkrates vom 22.12.2004, unterschrieben von Reinhard Gr\u00e4tz, wo er &#8211; allen Ernstes &#8211; angibt, dass er einen &#8222;Vertreter f\u00fcr erneuerbare Energien&#8220; gefragt h\u00e4tte, um \u00fcber die Richtigkeit meiner Kritik zu entscheiden:<\/p>\n<p style=\"text-align: justify;\"><a href=\"https:\/\/solarresearch.org\/wp\/wp-content\/uploads\/2018\/04\/WDR20041222_RR.pdf\">https:\/\/solarresearch.org\/wp\/wp-content\/uploads\/2018\/04\/WDR20041222_RR.pdf<\/a><br \/>\n<span style=\"font-size: 8pt;\">(rot-blau Umrandungen und Unterstreichungen sind von SOLARKRITIK.DE)<\/span><\/p>\n<p style=\"text-align: justify;\">Metapher: Der WDR fragt also einen Frosch, wenn es um die Frage geht, ob der Frosch-Teich trockengelegt werden soll. Die Antwort des Frosches d\u00fcrfte klar sein.<\/p>\n<p style=\"text-align: justify;\">Ich habe mehrfach beim WDR versucht, den Namen des angeblichen &#8222;Experten&#8220; zu erhalten, aber der WDR hat mir den Namen bis heute nicht mitgeteilt:<\/p>\n<p style=\"text-align: justify;\"><a href=\"https:\/\/solarresearch.org\/wp\/wp-content\/uploads\/2018\/04\/WDR20041226_Graetz.pdf\">https:\/\/solarresearch.org\/wp\/wp-content\/uploads\/2018\/04\/WDR20041226_Graetz.pdf<\/a><\/p>\n<p style=\"text-align: justify;\"><a href=\"https:\/\/solarresearch.org\/wp\/wp-content\/uploads\/2018\/04\/WDR20050109_an.pdf\">https:\/\/solarresearch.org\/wp\/wp-content\/uploads\/2018\/04\/WDR20050109_an.pdf<\/a><\/p>\n<p style=\"text-align: justify;\">Reinhard Gr\u00e4tz erkl\u00e4rte dann mit seinem Schreiben vom 18.01.2005 die Debatte f\u00fcr beendet:<\/p>\n<p style=\"text-align: justify;\"><a href=\"https:\/\/solarresearch.org\/wp\/wp-content\/uploads\/2018\/04\/WDR20050118_graetz.pdf\">https:\/\/solarresearch.org\/wp\/wp-content\/uploads\/2018\/04\/WDR20050118_graetz.pdf<\/a><\/p>\n<p style=\"text-align: justify;\"><u><strong>Aber das ist noch nicht alles!!<\/strong><br \/>\n<\/u>Denn der WDR wiederholte in <u>dreister Weise<\/u> am 21.07.2005 &#8211; also knapp ein Jahr sp\u00e4ter &#8211; die gleiche fehlerhafte WDR &#8222;SERVICEZEIT&#8220;-Sendung vom 05.08.2004, \u00fcber die von mir im Herbst 2004 der oben dokumentierte, umfangreiche Schriftverkehr mit Pleitgen und Gr\u00e4tz gef\u00fchrt worden ist.<\/p>\n<p style=\"text-align: justify;\">Hier das Sendeprotokoll der WDR-SERVICEZEIT-Sendung vom 21.07.2005:<br \/>\n<a href=\"https:\/\/solarresearch.org\/wp\/wp-content\/uploads\/2018\/04\/WDR20050721_ServiceZeit_Technik.pdf\">https:\/\/solarresearch.org\/wp\/wp-content\/uploads\/2018\/04\/WDR20050721_ServiceZeit_Technik.pdf<\/a><\/p>\n<p style=\"text-align: justify;\">Und hier mein erneutes Beschwerde-FAX an den WDR vom 24.07.2005:<br \/>\n<a href=\"https:\/\/solarresearch.org\/wp\/wp-content\/uploads\/2018\/04\/WDR20050724.pdf\">https:\/\/solarresearch.org\/wp\/wp-content\/uploads\/2018\/04\/WDR20050724.pdf<\/a><\/p>\n<p style=\"text-align: justify;\">Reinhard Gr\u00e4tz antwortete dann abschliessend am 15.08.2005 und 17.10.2005\u00a0 weiterhin arrogant und nichtssagend:<br \/>\n<a href=\"https:\/\/solarresearch.org\/wp\/wp-content\/uploads\/2018\/04\/WDR20050815_wdr20051017_Graetz.pdf\">https:\/\/solarresearch.org\/wp\/wp-content\/uploads\/2018\/04\/WDR20050815_wdr20051017_Graetz.pdf<\/a><\/p>\n<p><strong>Nun noch einmal zur Erinnerung, der &#8230;<\/strong><\/p>\n<p style=\"text-align: justify;\"><span style=\"background-color: #ccffff;\"><strong><u>Exkurs &#8211; vier (4) Jahre sp\u00e4ter &#8211; ins Jahr 2009<\/u><\/strong><strong>: <\/strong>Alles, was Pleitgen und Gr\u00e4tz in den Jahren 2004 und 2005 geschrieben hatten, wurde sp\u00e4testens &#8211; gut vier Jahre sp\u00e4ter &#8211; am 08.09.2009(!) in der WDR QUARKS &amp; CO &#8211; Sendung \u00fcber die &#8222;Solarenergie&#8220; als definitiv &#8222;unwahr&#8220; \u00fcberf\u00fchrt. Die T\u00e4uschungen in dieser WDR &#8222;QUARKS &amp; CO&#8220; -Sendung vom 08.09.2009 sind in diesem Video von mir dokumentiert und erkl\u00e4rt: <a style=\"background-color: #ccffff;\" href=\"https:\/\/youtu.be\/7LPWCkotSEc\">https:\/\/youtu.be\/7LPWCkotSEc<\/a><\/span><\/p>\n<p style=\"text-align: justify;\"><span style=\"background-color: #ccffff;\">Und auch h\u00f6ren und schauen Sie, wie ich im am 21.09.2009 in Berlin live vor Pressevertretern dar\u00fcber berichte, wie die Solarlobby den deutschen Presserat &#8222;infiltriert&#8220; hat: <\/span><a href=\"https:\/\/youtu.be\/93XCU5mGzh4\"><span style=\"background-color: #ccffff;\">https:\/\/youtu.be\/93XCU5mGzh4<\/span><\/a><\/p>\n<p style=\"text-align: justify;\">Und trotzdem behaupten ARD-Journalisten weiterhin, die &#8222;L\u00fcKKenpresse&#8220;-Vorw\u00fcrfe seien angeblich unberechtigt. Ich habe deshalb dieses <strong>kurze, provokante, und schonungslos-deutliche Video<\/strong> erstellt:<\/p>\n<p><iframe src=\"https:\/\/www.youtube.com\/embed\/kDTV6ZN70k4?rel=0&amp;controls=0&amp;showinfo=0\" width=\"560\" height=\"315\" frameborder=\"0\" allowfullscreen=\"allowfullscreen\"><\/iframe><\/p>\n<p style=\"text-align: justify;\">Wenn Sie (kritische) Fragen zu meiner Antwort <span style=\"color: #ff0000; font-size: 14pt;\"><strong>#12<\/strong><\/span> haben oder erg\u00e4nzende Belege ben\u00f6tigen, teilen Sie mir das bitte <a href=\"mailto:mail@solarresearch.org?subject=Hinweis%20zu FAQ-Antwort #12\" target=\"_blank\" rel=\"noopener\">per Mail<\/a> mit.<\/p>\n<hr \/>\n<p style=\"text-align: justify;\">Erstver\u00f6ffentlichung am 23.04.2018, 07Uhr00<br \/>\noptimiert\/aktualisiert am: 23.04.2018, 07Uhr00<\/p>\n<hr \/>\n","protected":false},"excerpt":{"rendered":"<p>#12 Sie sagen, Herr Gr\u00e4tz \u00abvertusche die vors\u00e4tzliche Desinformation des WDR\u00bb. Bitte belegen. Fortsetzung von Antwort #11: Hier das Schreiben des WDR Rundfunkrates vom 22.12.2004, unterschrieben von Reinhard Gr\u00e4tz, wo er &#8211; allen Ernstes &#8211; angibt, dass er einen &#8222;Vertreter f\u00fcr erneuerbare Energien&#8220; gefragt h\u00e4tte, um \u00fcber die Richtigkeit meiner Kritik zu entscheiden: https:\/\/solarresearch.org\/wp\/wp-content\/uploads\/2018\/04\/WDR20041222_RR.pdf (rot-blau &hellip; <a href=\"https:\/\/solarresearch.org\/wp\/faq12-antwort\/\" class=\"more-link\"><span class=\"screen-reader-text\">FAQ#12-Antwort<\/span> weiterlesen <span class=\"meta-nav\">&rarr;<\/span><\/a><\/p>\n","protected":false},"author":5,"featured_media":0,"parent":0,"menu_order":0,"comment_status":"closed","ping_status":"closed","template":"","meta":{"_lmt_disableupdate":"","_lmt_disable":"","jetpack_post_was_ever_published":false,"footnotes":""},"class_list":["post-3094","page","type-page","status-publish","hentry"],"jetpack_sharing_enabled":true,"jetpack_shortlink":"https:\/\/wp.me\/P12nep-NU","jetpack_likes_enabled":true,"jetpack-related-posts":[{"id":3090,"url":"https:\/\/solarresearch.org\/wp\/faq11-antwort\/","url_meta":{"origin":3094,"position":0},"title":"FAQ#11-Antwort","author":"Redakteur","date":"23. April 2018","format":false,"excerpt":"#11 Sie bezichtigen Herrn Pleitgen (WDR) der \u00abvors\u00e4tzlichen Vertuschung des solaren Schwindels\u00bb. Bitte belegen Es existiert bereits von mir diese 13-seitige .pdf-Datei \u00fcber meine jahrelange Kommunikation mit dem WDR in der Zeit von 1999 bis 2005, wo ich dokumentiert habe, wann und wie ich versucht habe, den WDR \u00fcber den\u2026","rel":"","context":"\u00c4hnlicher Beitrag","block_context":{"text":"\u00c4hnlicher Beitrag","link":""},"img":{"alt_text":"","src":"","width":0,"height":0},"classes":[]},{"id":3020,"url":"https:\/\/solarresearch.org\/wp\/faq\/","url_meta":{"origin":3094,"position":1},"title":"FAQ","author":"Redakteur","date":"14. April 2018","format":false,"excerpt":"Zur schnelleren Beantwortung journalistischer Anfragen wurde von mir im April 2018 dieses FAQ (Frequently Asked Questions, h\u00e4ufig gestellte Fragen) eingerichtet. Dieses FAQ beantwortet und belegt u.a. auch meine beweisbaren Behauptungen auf der folgenden A4-Seite: und das FAQ belegt und beantwortet Fragen, die sich wom\u00f6glich trotz meines 23-min\u00fctigen Aufkl\u00e4rungs-Videos aus Juli\u2026","rel":"","context":"\u00c4hnlicher Beitrag","block_context":{"text":"\u00c4hnlicher Beitrag","link":""},"img":{"alt_text":"","src":"https:\/\/i0.wp.com\/solarresearch.org\/wp\/wp-content\/uploads\/2018\/12\/Solarkritik_Information_Geheimakte_20181204_kurz.jpg?resize=350%2C200","width":350,"height":200,"srcset":"https:\/\/i0.wp.com\/solarresearch.org\/wp\/wp-content\/uploads\/2018\/12\/Solarkritik_Information_Geheimakte_20181204_kurz.jpg?resize=350%2C200 1x, https:\/\/i0.wp.com\/solarresearch.org\/wp\/wp-content\/uploads\/2018\/12\/Solarkritik_Information_Geheimakte_20181204_kurz.jpg?resize=525%2C300 1.5x, https:\/\/i0.wp.com\/solarresearch.org\/wp\/wp-content\/uploads\/2018\/12\/Solarkritik_Information_Geheimakte_20181204_kurz.jpg?resize=700%2C400 2x, https:\/\/i0.wp.com\/solarresearch.org\/wp\/wp-content\/uploads\/2018\/12\/Solarkritik_Information_Geheimakte_20181204_kurz.jpg?resize=1050%2C600 3x, https:\/\/i0.wp.com\/solarresearch.org\/wp\/wp-content\/uploads\/2018\/12\/Solarkritik_Information_Geheimakte_20181204_kurz.jpg?resize=1400%2C800 4x"},"classes":[]},{"id":3295,"url":"https:\/\/solarresearch.org\/wp\/faq16-antwort\/","url_meta":{"origin":3094,"position":2},"title":"FAQ#16-Antwort","author":"Redakteur","date":"11. Dezember 2018","format":false,"excerpt":"#16 Warum ist die folgende Behauptung im SRF-Pressetext zu \"DIE GEHEIMAKTE HOFFMANN\": \"Dass bei solch vollmundigen Versprechungen Skepsis angebracht ist, wurde Hoffmann erst klar, als es schon zu sp\u00e4t war. \" f\u00fcr Sie \u00e4rgerlich und f\u00fcr Sie ebenfalls eine verk\u00fcrzte Darstellung der Tatsachen? ... weil ich sehrwohl ausserordentlich skeptisch gewesen\u2026","rel":"","context":"\u00c4hnlicher Beitrag","block_context":{"text":"\u00c4hnlicher Beitrag","link":""},"img":{"alt_text":"","src":"https:\/\/i0.wp.com\/solarresearch.org\/wp\/wp-content\/uploads\/2018\/12\/GB_Solarerfahrung_Branchenbuch_1997_1998_Stadtarchiv20070608.jpg?resize=350%2C200","width":350,"height":200,"srcset":"https:\/\/i0.wp.com\/solarresearch.org\/wp\/wp-content\/uploads\/2018\/12\/GB_Solarerfahrung_Branchenbuch_1997_1998_Stadtarchiv20070608.jpg?resize=350%2C200 1x, https:\/\/i0.wp.com\/solarresearch.org\/wp\/wp-content\/uploads\/2018\/12\/GB_Solarerfahrung_Branchenbuch_1997_1998_Stadtarchiv20070608.jpg?resize=525%2C300 1.5x, https:\/\/i0.wp.com\/solarresearch.org\/wp\/wp-content\/uploads\/2018\/12\/GB_Solarerfahrung_Branchenbuch_1997_1998_Stadtarchiv20070608.jpg?resize=700%2C400 2x"},"classes":[]},{"id":3305,"url":"https:\/\/solarresearch.org\/wp\/faq17-antwort\/","url_meta":{"origin":3094,"position":3},"title":"FAQ#17-Antwort","author":"Redakteur","date":"11. Dezember 2018","format":false,"excerpt":"#17 Was meinen Sie damit, wenn Sie in Ihrer Pressemitteilung zu \"DIE GEHEIMAKTE HOFFMANN\" schreiben, dass der Solarverk\u00e4ufer durch seinen Rechtsanwalt im 1. Gerichtsprozess im Herbst 1997 \u00fcber die Effizienz der Solaranlage \"die Katze aus dem Sack\" liess? Nachdem das Landgericht Bochum im ersten Zivilverfahren AZ: 1 O 302\/97 aus\u2026","rel":"","context":"\u00c4hnlicher Beitrag","block_context":{"text":"\u00c4hnlicher Beitrag","link":""},"img":{"alt_text":"","src":"https:\/\/i0.wp.com\/solarresearch.org\/wp\/wp-content\/uploads\/2018\/12\/LGBochum_19971103_1O302_97_Beweisbeschluss.jpg?resize=350%2C200","width":350,"height":200,"srcset":"https:\/\/i0.wp.com\/solarresearch.org\/wp\/wp-content\/uploads\/2018\/12\/LGBochum_19971103_1O302_97_Beweisbeschluss.jpg?resize=350%2C200 1x, https:\/\/i0.wp.com\/solarresearch.org\/wp\/wp-content\/uploads\/2018\/12\/LGBochum_19971103_1O302_97_Beweisbeschluss.jpg?resize=525%2C300 1.5x, https:\/\/i0.wp.com\/solarresearch.org\/wp\/wp-content\/uploads\/2018\/12\/LGBochum_19971103_1O302_97_Beweisbeschluss.jpg?resize=700%2C400 2x, https:\/\/i0.wp.com\/solarresearch.org\/wp\/wp-content\/uploads\/2018\/12\/LGBochum_19971103_1O302_97_Beweisbeschluss.jpg?resize=1050%2C600 3x"},"classes":[]},{"id":3351,"url":"https:\/\/solarresearch.org\/wp\/","url_meta":{"origin":3094,"position":4},"title":"&#8222;DIE GEHEIMAKTE HOFFMANN&#8220;","author":"superho","date":"16. Dezember 2018","format":false,"excerpt":"Hallo und guten Tag, mein Name ist Rainer Hoffmann und ich begr\u00fcsse alle Interessenten, die wegen der Schweizer REPORTER-Sendung \"DIE GEHEIMAKTE HOFFMANN\" seit dem 16.12.2018\u00a0 meinen Blog zu meinem \"Fall Solarkritik\" gefunden haben. Danke f\u00fcr Ihr Interesse !! Bevor Sie mir wom\u00f6glich Fragen zu meinem Fall stellen wollen, recherchieren Sie\u2026","rel":"","context":"\u00c4hnlicher Beitrag","block_context":{"text":"\u00c4hnlicher Beitrag","link":""},"img":{"alt_text":"","src":"https:\/\/i0.wp.com\/solarresearch.org\/wp\/wp-content\/uploads\/2019\/01\/Solarkritiker_Portraet_201807_20190116.jpg?resize=350%2C200","width":350,"height":200,"srcset":"https:\/\/i0.wp.com\/solarresearch.org\/wp\/wp-content\/uploads\/2019\/01\/Solarkritiker_Portraet_201807_20190116.jpg?resize=350%2C200 1x, https:\/\/i0.wp.com\/solarresearch.org\/wp\/wp-content\/uploads\/2019\/01\/Solarkritiker_Portraet_201807_20190116.jpg?resize=525%2C300 1.5x, https:\/\/i0.wp.com\/solarresearch.org\/wp\/wp-content\/uploads\/2019\/01\/Solarkritiker_Portraet_201807_20190116.jpg?resize=700%2C400 2x, https:\/\/i0.wp.com\/solarresearch.org\/wp\/wp-content\/uploads\/2019\/01\/Solarkritiker_Portraet_201807_20190116.jpg?resize=1050%2C600 3x"},"classes":[]},{"id":1746,"url":"https:\/\/solarresearch.org\/wp\/medienkritik\/","url_meta":{"origin":3094,"position":5},"title":"Medienkritik &#8211; Wie in den Medien seit 1992* (!) der &#8222;solare 60%-Schwindel&#8220; vertuscht wurde !!","author":"Redakteur","date":"27. Februar 2014","format":false,"excerpt":"Viele Menschen, die in diesem Blog recherchieren, werden sich fragen, warum der Fall des Solarkritikers - \u00e4hnlich wie die F\u00e4lle der Justizskandale \u00fcber Gustl Mollath oder Harry W\u00f6rz - in den Medien kaum \/ nicht thematisiert wird. Der Grund ist so einfach wie erschreckend: Die deutschen Mainstream-Medien haben jahrelang selbst\u2026","rel":"","context":"\u00c4hnlicher Beitrag","block_context":{"text":"\u00c4hnlicher Beitrag","link":""},"img":{"alt_text":"TVListe_Solarfehler_bis20100724","src":"https:\/\/i0.wp.com\/solarresearch.org\/wp\/wp-content\/uploads\/2014\/02\/TVListe_Solarfehler_bis20100724.jpg?resize=350%2C200","width":350,"height":200},"classes":[]}],"_links":{"self":[{"href":"https:\/\/solarresearch.org\/wp\/wp-json\/wp\/v2\/pages\/3094","targetHints":{"allow":["GET"]}}],"collection":[{"href":"https:\/\/solarresearch.org\/wp\/wp-json\/wp\/v2\/pages"}],"about":[{"href":"https:\/\/solarresearch.org\/wp\/wp-json\/wp\/v2\/types\/page"}],"author":[{"embeddable":true,"href":"https:\/\/solarresearch.org\/wp\/wp-json\/wp\/v2\/users\/5"}],"replies":[{"embeddable":true,"href":"https:\/\/solarresearch.org\/wp\/wp-json\/wp\/v2\/comments?post=3094"}],"version-history":[{"count":0,"href":"https:\/\/solarresearch.org\/wp\/wp-json\/wp\/v2\/pages\/3094\/revisions"}],"wp:attachment":[{"href":"https:\/\/solarresearch.org\/wp\/wp-json\/wp\/v2\/media?parent=3094"}],"curies":[{"name":"wp","href":"https:\/\/api.w.org\/{rel}","templated":true}]}}